{"id":5052,"date":"2024-06-10T15:44:02","date_gmt":"2024-06-10T15:44:02","guid":{"rendered":"https:\/\/globalgreeneurope.com\/?post_type=tribe_events&#038;p=5052"},"modified":"2024-06-13T14:21:11","modified_gmt":"2024-06-13T14:21:11","slug":"plastics-recycling-show-europe-2024","status":"publish","type":"tribe_events","link":"https:\/\/globalgreeneurope.com\/fr\/event\/plastics-recycling-show-europe-2024\/","title":{"rendered":"Salon du recyclage des plastiques Europe 2024"},"content":{"rendered":"<div data-elementor-type=\"tec_event_single_static\" data-elementor-id=\"5052\" class=\"elementor elementor-5052\" data-elementor-post-type=\"tribe_events\">\n\t\t\t\t\t\t<section class=\"elementor-section elementor-top-section elementor-element elementor-element-c8ca993 elementor-section-boxed elementor-section-height-default elementor-section-height-default\" data-id=\"c8ca993\" data-element_type=\"section\" data-e-type=\"section\">\n\t\t\t\t\t\t<div class=\"elementor-container elementor-column-gap-default\">\n\t\t\t\t\t<div class=\"elementor-column elementor-col-100 elementor-top-column elementor-element elementor-element-2661d69b\" data-id=\"2661d69b\" data-element_type=\"column\" data-e-type=\"column\">\n\t\t\t<div class=\"elementor-widget-wrap elementor-element-populated\">\n\t\t\t\t\t\t<div class=\"elementor-element elementor-element-d71e1b5 elementor-widget elementor-widget-tec_events_elementor_widget_event_status\" data-id=\"d71e1b5\" data-element_type=\"widget\" data-e-type=\"widget\" data-widget_type=\"tec_events_elementor_widget_event_status.default\">\n\t\t\t\t<div class=\"elementor-widget-container\">\n\t\t\t\t\t<p  class=\"tec-events-elementor-event-widget__status-passed\" >Cet \u00e9v\u00e8nement est pass\u00e9.<\/p>\n\t\t\t\t<\/div>\n\t\t\t\t<\/div>\n\t\t\t\t<div class=\"elementor-element elementor-element-21b3a942 elementor-widget elementor-widget-tec_events_elementor_widget_event_title\" data-id=\"21b3a942\" data-element_type=\"widget\" data-e-type=\"widget\" data-widget_type=\"tec_events_elementor_widget_event_title.default\">\n\t\t\t\t<div class=\"elementor-widget-container\">\n\t\t\t\t\t<h1  class=\"tec-events-elementor-event-widget__title\" >\n\tSalon du recyclage des plastiques Europe 2024<\/h1>\t\t\t\t<\/div>\n\t\t\t\t<\/div>\n\t\t\t\t<div class=\"elementor-element elementor-element-3e90253c elementor-widget elementor-widget-tec_events_elementor_widget_event_datetime\" data-id=\"3e90253c\" data-element_type=\"widget\" data-e-type=\"widget\" data-widget_type=\"tec_events_elementor_widget_event_datetime.default\">\n\t\t\t\t<div class=\"elementor-widget-container\">\n\t\t\t\t\t<div  class=\"tec-events-elementor-event-widget__datetime-wrapper\" >\n\t\t<div  class=\"tec-events-elementor-event-widget__datetime\" >\n\t\t\t<span  class=\"tec-events-elementor-event-widget__datetime-date tec-events-elementor-event-widget__datetime-date--start\" >19 juin<\/span>\n\n\t\t\n\t<span  class=\"tec-events-elementor-event-widget__datetime-separator\" >\n\t  \/ <\/span>\n\n\t<span  class=\"tec-events-elementor-event-widget__datetime-date tec-events-elementor-event-widget__datetime-date--end\" >20 juin<\/span>\n\n\t<\/div><\/div>\n\t\t\t\t<\/div>\n\t\t\t\t<\/div>\n\t\t<div class=\"elementor-element elementor-element-3d6e343a e-grid e-con-boxed e-con e-parent\" data-id=\"3d6e343a\" data-element_type=\"container\" data-e-type=\"container\">\n\t\t\t\t\t<div class=\"e-con-inner\">\n\t\t\t\t<div class=\"elementor-element elementor-element-2dd0a24e elementor-widget elementor-widget-text-editor\" data-id=\"2dd0a24e\" data-element_type=\"widget\" data-e-type=\"widget\" data-widget_type=\"text-editor.default\">\n\t\t\t\t<div class=\"elementor-widget-container\">\n\t\t\t\t\t\t\t\t\t<p>Le Plastics Recycling Show Europe est l'exposition, la conf\u00e9rence et les prix d\u00e9di\u00e9s au recyclage des plastiques en Europe continentale. Les plus grands noms des mat\u00e9riaux recycl\u00e9s, des machines de recyclage et des services seront expos\u00e9s, montrant les derni\u00e8res innovations de l'industrie. La conf\u00e9rence gratuite avec des personnalit\u00e9s cl\u00e9s de l'industrie abordera les derni\u00e8res opportunit\u00e9s et les d\u00e9fis auxquels est confront\u00e9e l'industrie du recyclage des plastiques en Europe.<\/p>\t\t\t\t\t\t\t\t<\/div>\n\t\t\t\t<\/div>\n\t\t\t\t<div class=\"elementor-element elementor-element-2e15c408 elementor-widget elementor-widget-tec_events_elementor_widget_event_image\" data-id=\"2e15c408\" data-element_type=\"widget\" data-e-type=\"widget\" data-widget_type=\"tec_events_elementor_widget_event_image.default\">\n\t\t\t\t<div class=\"elementor-widget-container\">\n\t\t\t\t\t<div  class=\"tec-events-elementor-event-widget__image\" >\n\t<img fetchpriority=\"high\" decoding=\"async\" width=\"302\" height=\"167\" src=\"https:\/\/globalgreeneurope.com\/wp-content\/uploads\/2024\/06\/prs.png\" class=\"elementor-image\" alt=\"\" srcset=\"https:\/\/globalgreeneurope.com\/wp-content\/uploads\/2024\/06\/prs.png 302w, https:\/\/globalgreeneurope.com\/wp-content\/uploads\/2024\/06\/prs-300x166.png 300w, https:\/\/globalgreeneurope.com\/wp-content\/uploads\/2024\/06\/prs-18x10.png 18w\" sizes=\"(max-width: 302px) 100vw, 302px\" \/><\/div>\n\t\t\t\t<\/div>\n\t\t\t\t<\/div>\n\t\t\t\t\t<\/div>\n\t\t\t\t<\/div>\n\t\t\t\t<section class=\"elementor-section elementor-inner-section elementor-element elementor-element-73be192 elementor-section-full_width elementor-section-height-default elementor-section-height-default\" data-id=\"73be192\" data-element_type=\"section\" data-e-type=\"section\">\n\t\t\t\t\t\t<div class=\"elementor-container elementor-column-gap-default\">\n\t\t\t\t\t<div class=\"elementor-column elementor-col-100 elementor-inner-column elementor-element elementor-element-6850a7c1\" data-id=\"6850a7c1\" data-element_type=\"column\" data-e-type=\"column\">\n\t\t\t<div class=\"elementor-widget-wrap elementor-element-populated\">\n\t\t\t\t\t\t<div class=\"elementor-element elementor-element-1cfbd1b9 elementor-widget__width-auto elementor-widget-mobile__width-auto elementor-widget elementor-widget-tec_events_elementor_widget_event_website\" data-id=\"1cfbd1b9\" data-element_type=\"widget\" data-e-type=\"widget\" data-widget_type=\"tec_events_elementor_widget_event_website.default\">\n\t\t\t\t<div class=\"elementor-widget-container\">\n\t\t\t\t\t<div  class=\"tec-events-elementor-event-widget__website\" >\n\t<p  class=\"tec-events-elementor-event-widget__website-header\" >\n\tSite :<\/p>\t<div  class=\"tec-events-elementor-event-widget__website-link\" >\n\t<a href=\"https:\/\/prseventeurope.com\/prse2024\/\" target=\"_blank\" rel=\"noopener noreferrer\">https:\/\/prseventeurope.com\/prse2024\/<\/a><\/div>\n<\/div>\n\t\t\t\t<\/div>\n\t\t\t\t<\/div>\n\t\t\t\t\t<\/div>\n\t\t<\/div>\n\t\t\t\t\t<\/div>\n\t\t<\/section>\n\t\t\t\t<section class=\"elementor-section elementor-inner-section elementor-element elementor-element-4ccc404d elementor-section-full_width elementor-section-height-default elementor-section-height-default\" data-id=\"4ccc404d\" data-element_type=\"section\" data-e-type=\"section\">\n\t\t\t\t\t\t<div class=\"elementor-container elementor-column-gap-default\">\n\t\t\t\t\t<div class=\"elementor-column elementor-col-100 elementor-inner-column elementor-element elementor-element-6afea557\" data-id=\"6afea557\" data-element_type=\"column\" data-e-type=\"column\">\n\t\t\t<div class=\"elementor-widget-wrap elementor-element-populated\">\n\t\t\t\t\t\t\t<\/div>\n\t\t<\/div>\n\t\t\t\t\t<\/div>\n\t\t<\/section>\n\t\t\t\t<section class=\"elementor-section elementor-inner-section elementor-element elementor-element-12c276c3 elementor-section-full_width elementor-section-height-default elementor-section-height-default\" data-id=\"12c276c3\" data-element_type=\"section\" data-e-type=\"section\">\n\t\t\t\t\t\t<div class=\"elementor-container elementor-column-gap-default\">\n\t\t\t\t\t<div class=\"elementor-column elementor-col-100 elementor-inner-column elementor-element elementor-element-1f687b\" data-id=\"1f687b\" data-element_type=\"column\" data-e-type=\"column\">\n\t\t\t<div class=\"elementor-widget-wrap elementor-element-populated\">\n\t\t\t\t\t\t<div class=\"elementor-element elementor-element-42c075de elementor-widget elementor-widget-tec_events_elementor_widget_event_export\" data-id=\"42c075de\" data-element_type=\"widget\" data-e-type=\"widget\" data-widget_type=\"tec_events_elementor_widget_event_export.default\">\n\t\t\t\t<div class=\"elementor-widget-container\">\n\t\t\t\t\t<div  class=\"tec-events-elementor-event-widget__export\" >\n\t<div  class=\"tec-events-elementor-event-widget__export-dropdown\" >\n\t\t\n<button\n\t class=\"tec-events-elementor-event-widget__export-dropdown-button tribe-common-c-btn-border tribe-events-c-subscribe-dropdown__button\" \taria-expanded=\"false\"\n\taria-controls=\"\"\n\taria-label=\"Afficher les liens permettant d\u2019ajouter des \u00e9v\u00e8nements \u00e0 votre calendrier\"\n>\n\t<i\n\t\t class=\"eicon eicon-export-kit tec-events-elementor-event-widget__export-dropdown-export-icon\" \t\taria-hidden=\"true\"\n\t><\/i>\n\tAjouter au calendrier\t<svg\n\t\t class=\"tec-events-elementor-event-widget__export-dropdown-icon\" \t\tviewbox=\"0 0 12 8\"\n\t\txmlns=\"http:\/\/www.w3.org\/2000\/svg\"\n\t>\n\t\t<path d=\"M1.21.85L6 5.64 10.79.85 11.94 2 6 7.94.06 2z\" fill=\"currentColor\" fill-rule=\"nonzero\"\/>\n\t<\/svg>\n<\/button>\n\t\t<div\n\t\t\t class=\"tec-events-elementor-event-widget__export-dropdown-content\" \t\t\tstyle=\"display: none;\"\n\t\t>\n\t\t\t<ul  class=\"tec-events-elementor-event-widget__export-dropdown-list\" >\n\t\t\t\t\t\t\t\t\t<li  class=\"tec-events-elementor-event-widget__export-dropdown-list-item tec-events-elementor-event-widget__export-dropdown--gcal\" >\n\t<a\n\t class=\"tec-events-elementor-event-widget__export-dropdown-link\" \thref=\"https:\/\/www.google.com\/calendar\/event?action=TEMPLATE&#038;dates=20240619T000000\/20240620T235959&#038;text=Plastics%20Recycling%20Show%20Europe%202024&#038;details=%3Ch1%3E%09Plastics+Recycling+Show+Europe+2024%3C%2Fh1%3E%09%09%09%09%09June+19%09++%2F+%09June+20%09%09%3Cp%3EThe+Plastics+Recycling+Show+Europe+is+the+dedicated+exhibition%2C+conference+and+awards+for+plastics+recycling+in+mainland+Europe.+The+biggest+names+in+recycled+materials%2C+recycling+machinery+and+services+will+be+on+display%2C+showing+the+latest+innovation+from+the+industry.+The+free+conference+with+key+industry+figures+will+address+the+latest+opportunities+and+challenges+that+face+the+plastic+recycling+industry+in+Europe.%3C%2Fp%3E+%09%09%09%3Cimg+width%3D%22302%22+height%3D%22167%22+src%3D%22https%3A%2F%2Fglobalgreeneurope.com%2Fwp-content%2Fuploads%2F2024%2F06%2Fprs.png%22+alt%3D%22%22+decoding%3D%22async%22+srcset%3D%22https%3A%2F%2Fglobalgreeneurope.com%2Fwp-content%2Fuploads%2F2024%2F06%2Fprs.png+302w%2C+https%3A%2F%2Fglobalgreeneurope.com%2Fwp-content%2Fuploads%2F2024%2F06%2Fprs-300x166.png+300w%2C+https%3A%2F%2Fglobalgreeneurope.com%2Fwp-content%2Fuploads%2F2024%2F06%2Fprs-18x10.png+18w%22+sizes%3D%22%28max-width%3A+302px%29+100vw%2C+302px%22+%2F%3E%09%3Cp%3E%09Web%3A%3C%2Fp%3E+%09%09%3Ca+href%3D%22https%3A%2F%2Fprseventeurope.com%2Fprse2024%2F%22+target%3D%22_blank%28Voir+toute+la+description+de+%C3%A9v%C3%A8nement+ici%C2%A0%3A+https%3A%2F%2Fglobalgreeneurope.com%2Ffr%2Fevent%2Fplastics-recycling-show-europe-2024%2F%29&#038;trp=false&#038;ctz=Europe\/Amsterdam&#038;sprop=website:https:\/\/globalgreeneurope.com\/fr\"\n\ttarget=\"_blank\"\n\trel=\"noopener noreferrer\"\n>Agenda Google<\/a>\n<\/li>\n\t\t\t\t\t\t\t\t\t<li  class=\"tec-events-elementor-event-widget__export-dropdown-list-item tec-events-elementor-event-widget__export-dropdown--ical\" >\n\t<a\n\t class=\"tec-events-elementor-event-widget__export-dropdown-link\" \thref=\"https:\/\/globalgreeneurope.com\/fr\/event\/plastics-recycling-show-europe-2024\/?ical=1\"\n\ttarget=\"_blank\"\n\trel=\"noopener noreferrer\"\n>iCalendar<\/a>\n<\/li>\n\t\t\t\t\t\t\t\t\t<li  class=\"tec-events-elementor-event-widget__export-dropdown-list-item tec-events-elementor-event-widget__export-dropdown--outlook-365\" >\n\t<a\n\t class=\"tec-events-elementor-event-widget__export-dropdown-link\" \thref=\"https:\/\/outlook.office.com\/owa\/?path=\/calendar\/action\/compose&#038;rrv=addevent&#038;startdt=2024-06-19T00%3A00%3A00%2B02%3A00&#038;enddt=2024-06-20T00%3A00%3A00&#038;location&#038;subject=Plastics%20Recycling%20Show%20Europe%202024&#038;body=%09Plastics%20Recycling%20Show%20Europe%202024%09%09%09%09%09June%2019%09%20%20%2F%20%09June%2020%09%09%3Cp%3EThe%20Plastics%20Recycling%20Show%20Europe%20is%20the%20dedicated%20exhibition%2C%20conference%20and%20awards%20for%20plastics%20recycling%20in%20mainland%20Europe.%20The%20biggest%20names%20in%20recycled%20materials%2C%20recycling%20machinery%20and%20services%20will%20be%20on%20display%2C%20showing%20the%20latest%20innovation%20from%20the%20industry.%20The%20free%20conference%20with%20key%20industry%20figures%20will%20address%20the%20latest%20opportunities%20and%20challenges%20that%20face%20the%20plastic%20recycling%20industry%20in%20Europe.%3C%2Fp%3E%09%09%09%09%3Cp%20%20%3E%09Web%3A%3C%2Fp%3E%09%09https%3A%2F%2Fprseventeurope.com%2Fprse2024%2F%09%09A%C3%B1adir%20al%20calendario%09%09%09%09%09%09%09%09%09%09%09%09%09%09%09%09%09Google%20Calendar%09%09%09%09%09%09%09%09%09%09iCalendar%09%09%09%09%09%09%09%09%09%09Outlook%20365%09%09%09%09%09%09%09%09%09%09Outlook%20Live%09%09%09%09%09%09%09%09%09%09%09%09%09%09%09%09%09%09%09%09%09%09%09%09%09%09TODOS%20LOS%20EVENTOS%09%09%09%09%09\"\n\ttarget=\"_blank\"\n\trel=\"noopener noreferrer\"\n>Outlook 365<\/a>\n<\/li>\n\t\t\t\t\t\t\t\t\t<li  class=\"tec-events-elementor-event-widget__export-dropdown-list-item tec-events-elementor-event-widget__export-dropdown--outlook-live\" >\n\t<a\n\t class=\"tec-events-elementor-event-widget__export-dropdown-link\" \thref=\"https:\/\/outlook.live.com\/owa\/?path=\/calendar\/action\/compose&#038;rrv=addevent&#038;startdt=2024-06-19T00%3A00%3A00%2B02%3A00&#038;enddt=2024-06-20T00%3A00%3A00&#038;location&#038;subject=Plastics%20Recycling%20Show%20Europe%202024&#038;body=%09Plastics%20Recycling%20Show%20Europe%202024%09%09%09%09%09June%2019%09%20%20%2F%20%09June%2020%09%09%3Cp%3EThe%20Plastics%20Recycling%20Show%20Europe%20is%20the%20dedicated%20exhibition%2C%20conference%20and%20awards%20for%20plastics%20recycling%20in%20mainland%20Europe.%20The%20biggest%20names%20in%20recycled%20materials%2C%20recycling%20machinery%20and%20services%20will%20be%20on%20display%2C%20showing%20the%20latest%20innovation%20from%20the%20industry.%20The%20free%20conference%20with%20key%20industry%20figures%20will%20address%20the%20latest%20opportunities%20and%20challenges%20that%20face%20the%20plastic%20recycling%20industry%20in%20Europe.%3C%2Fp%3E%09%09%09%09%3Cp%20%20%3E%09Web%3A%3C%2Fp%3E%09%09https%3A%2F%2Fprseventeurope.com%2Fprse2024%2F%09%09A%C3%B1adir%20al%20calendario%09%09%09%09%09%09%09%09%09%09%09%09%09%09%09%09%09Google%20Calendar%09%09%09%09%09%09%09%09%09%09iCalendar%09%09%09%09%09%09%09%09%09%09Outlook%20365%09%09%09%09%09%09%09%09%09%09Outlook%20Live%09%09%09%09%09%09%09%09%09%09%09%09%09%09%09%09%09%09%09%09%09%09%09%09%09%09TODOS%20LOS%20EVENTOS%09%09%09%09%09\"\n\ttarget=\"_blank\"\n\trel=\"noopener noreferrer\"\n>Outlook Live<\/a>\n<\/li>\n\t\t\t\t\t\t\t<\/ul>\n\t\t<\/div>\n\n\t\t<script>\n\t\t\t\/\/ Some JS to toggle the dropdown, todo: maybe move this to a separate file?\n\t\t\tvar exportButton = document.querySelector( \".tec-events-elementor-event-widget__export-dropdown-button\" );\n\t\t\tvar exportDropdownContent = document.querySelector( \".tec-events-elementor-event-widget__export-dropdown-content\" );\n\t\t\tvar exportDropdownIcon = document.querySelector( \".tec-events-elementor-event-widget__export-dropdown-icon\" );\n\n\t\t\texportButton.addEventListener(\n\t\t\t\t\"click\",\n\t\t\t\tfunction () {\n\t\t\t\t\tlet isClosed = exportDropdownContent.style.display !== \"block\";\n\t\t\t\t\texportButton.ariaExpanded = isClosed ? \"true\" : \"false\"; \/\/ Update aria-expanded.\n\t\t\t\t\texportDropdownContent.style.display = isClosed ? \"block\" : \"none\"; \/\/ Toggle display.\n\t\t\t\t\texportDropdownIcon.classList.toggle( \"tec-events-elementor-event-widget__export-dropdown-icon--active\" ); \/\/ Toggle arrow direction.\n\t\t\t\t}\n\t\t\t);\n\t\t<\/script>\n\t<\/div>\n<\/div>\n\t\t\t\t<\/div>\n\t\t\t\t<\/div>\n\t\t\t\t\t<\/div>\n\t\t<\/div>\n\t\t\t\t\t<\/div>\n\t\t<\/section>\n\t\t\t\t\t<\/div>\n\t\t<\/div>\n\t\t\t\t\t<\/div>\n\t\t<\/section>\n\t\t<div class=\"elementor-element elementor-element-30002484 e-flex e-con-boxed e-con e-parent\" data-id=\"30002484\" data-element_type=\"container\" data-e-type=\"container\">\n\t\t\t\t\t<div class=\"e-con-inner\">\n\t\t\t\t<div class=\"elementor-element elementor-element-37ab6496 elementor-widget elementor-widget-button\" data-id=\"37ab6496\" data-element_type=\"widget\" data-e-type=\"widget\" data-widget_type=\"button.default\">\n\t\t\t\t<div class=\"elementor-widget-container\">\n\t\t\t\t\t\t\t\t\t<div class=\"elementor-button-wrapper\">\n\t\t\t\t\t<a class=\"elementor-button elementor-button-link elementor-size-sm\" href=\"https:\/\/globalgreeneurope.com\/fr\/eventos\/\">\n\t\t\t\t\t\t<span class=\"elementor-button-content-wrapper\">\n\t\t\t\t\t\t<span class=\"elementor-button-icon\">\n\t\t\t\t<svg aria-hidden=\"true\" class=\"e-font-icon-svg e-fas-chevron-circle-left\" viewbox=\"0 0 512 512\" xmlns=\"http:\/\/www.w3.org\/2000\/svg\"><path d=\"M256 504C119 504 8 393 8 256S119 8 256 8s248 111 248 248-111 248-248 248zM142.1 273l135.5 135.5c9.4 9.4 24.6 9.4 33.9 0l17-17c9.4-9.4 9.4-24.6 0-33.9L226.9 256l101.6-101.6c9.4-9.4 9.4-24.6 0-33.9l-17-17c-9.4-9.4-24.6-9.4-33.9 0L142.1 239c-9.4 9.4-9.4 24.6 0 34z\"><\/path><\/svg>\t\t\t<\/span>\n\t\t\t\t\t\t\t\t\t<span class=\"elementor-button-text\">TOUS LES \u00c9V\u00c9NEMENTS<\/span>\n\t\t\t\t\t<\/span>\n\t\t\t\t\t<\/a>\n\t\t\t\t<\/div>\n\t\t\t\t\t\t\t\t<\/div>\n\t\t\t\t<\/div>\n\t\t\t\t\t<\/div>\n\t\t\t\t<\/div>\n\t\t\t\t<\/div>","protected":false},"excerpt":{"rendered":"<p>Plastics Recycling Show Europe 2024 June 19 \/ June 20 The Plastics Recycling Show Europe is the dedicated exhibition, conference and awards for plastics recycling in mainland Europe. The biggest [&hellip;]<\/p>\n","protected":false},"author":1,"featured_media":5022,"template":"","meta":{"_tribe_events_status":"","_tribe_events_status_reason":"","_joinchat":[],"footnotes":""},"tags":[],"tribe_events_cat":[],"class_list":["post-5052","tribe_events","type-tribe_events","status-publish","has-post-thumbnail","hentry"],"_links":{"self":[{"href":"https:\/\/globalgreeneurope.com\/fr\/wp-json\/wp\/v2\/tribe_events\/5052","targetHints":{"allow":["GET"]}}],"collection":[{"href":"https:\/\/globalgreeneurope.com\/fr\/wp-json\/wp\/v2\/tribe_events"}],"about":[{"href":"https:\/\/globalgreeneurope.com\/fr\/wp-json\/wp\/v2\/types\/tribe_events"}],"author":[{"embeddable":true,"href":"https:\/\/globalgreeneurope.com\/fr\/wp-json\/wp\/v2\/users\/1"}],"version-history":[{"count":27,"href":"https:\/\/globalgreeneurope.com\/fr\/wp-json\/wp\/v2\/tribe_events\/5052\/revisions"}],"predecessor-version":[{"id":5567,"href":"https:\/\/globalgreeneurope.com\/fr\/wp-json\/wp\/v2\/tribe_events\/5052\/revisions\/5567"}],"wp:featuredmedia":[{"embeddable":true,"href":"https:\/\/globalgreeneurope.com\/fr\/wp-json\/wp\/v2\/media\/5022"}],"wp:attachment":[{"href":"https:\/\/globalgreeneurope.com\/fr\/wp-json\/wp\/v2\/media?parent=5052"}],"wp:term":[{"taxonomy":"post_tag","embeddable":true,"href":"https:\/\/globalgreeneurope.com\/fr\/wp-json\/wp\/v2\/tags?post=5052"},{"taxonomy":"tribe_events_cat","embeddable":true,"href":"https:\/\/globalgreeneurope.com\/fr\/wp-json\/wp\/v2\/tribe_events_cat?post=5052"}],"curies":[{"name":"wp","href":"https:\/\/api.w.org\/{rel}","templated":true}]}}