{"id":5809,"date":"2024-08-30T07:27:26","date_gmt":"2024-08-30T07:27:26","guid":{"rendered":"https:\/\/globalgreeneurope.com\/?post_type=tribe_events&#038;p=5809"},"modified":"2024-08-30T07:29:44","modified_gmt":"2024-08-30T07:29:44","slug":"plastics-recycling-show-middle-east-africa-2024","status":"publish","type":"tribe_events","link":"https:\/\/globalgreeneurope.com\/fr\/event\/plastics-recycling-show-middle-east-africa-2024\/","title":{"rendered":"Salon du recyclage des plastiques Moyen-Orient et Afrique 2024"},"content":{"rendered":"<p>Le Plastics Recycling Show Middle East &amp; Africa (PRS ME&amp;A) se tiendra au Dubai World Trade Centre \u00e0 Duba\u00ef, aux \u00c9mirats arabes unis, du 10 au 12 septembre 2024.<\/p>\n<p>Cette exposition et conf\u00e9rence de trois jours est le seul \u00e9v\u00e9nement de la r\u00e9gion consacr\u00e9 sp\u00e9cifiquement au recyclage des plastiques.<\/p>\n<p>L'\u00e9v\u00e9nement permettra aux d\u00e9l\u00e9gu\u00e9s d'acc\u00e9der aux derni\u00e8res informations et aux derniers d\u00e9veloppements technologiques dans l'industrie du recyclage des plastiques, qui \u00e9volue rapidement. Il r\u00e9unira des leaders d'opinion, des innovateurs et des fournisseurs de technologie. PRS ME&amp;A comprendra une exposition et une conf\u00e9rence de haut niveau.<\/p>\n<p>L'exposition pr\u00e9sentera les derni\u00e8res solutions et technologies disponibles sur le march\u00e9. Lors de la conf\u00e9rence qui se tiendra parall\u00e8lement au salon, des experts internationaux aborderont des th\u00e8mes cl\u00e9s tels que l'\u00e9conomie circulaire, les r\u00e9glementations, les d\u00e9fis, les opportunit\u00e9s, les innovations, les technologies et les tendances, et partageront des id\u00e9es et des exp\u00e9riences provenant de l'ensemble du secteur des plastiques afin de promouvoir un avenir vert.<\/p>","protected":false},"excerpt":{"rendered":"<p>Le Plastics Recycling Show Middle East &amp; Africa (PRS ME&amp;A) se tiendra au Dubai World Trade Centre \u00e0 Duba\u00ef, aux \u00c9mirats arabes unis, du 10 au 12 septembre 2024.  <\/p>","protected":false},"author":1,"featured_media":0,"template":"","meta":{"_tribe_events_status":"","_tribe_events_status_reason":"","_joinchat":[],"footnotes":""},"tags":[],"tribe_events_cat":[],"class_list":["post-5809","tribe_events","type-tribe_events","status-publish","hentry"],"_links":{"self":[{"href":"https:\/\/globalgreeneurope.com\/fr\/wp-json\/wp\/v2\/tribe_events\/5809","targetHints":{"allow":["GET"]}}],"collection":[{"href":"https:\/\/globalgreeneurope.com\/fr\/wp-json\/wp\/v2\/tribe_events"}],"about":[{"href":"https:\/\/globalgreeneurope.com\/fr\/wp-json\/wp\/v2\/types\/tribe_events"}],"author":[{"embeddable":true,"href":"https:\/\/globalgreeneurope.com\/fr\/wp-json\/wp\/v2\/users\/1"}],"version-history":[{"count":1,"href":"https:\/\/globalgreeneurope.com\/fr\/wp-json\/wp\/v2\/tribe_events\/5809\/revisions"}],"predecessor-version":[{"id":5811,"href":"https:\/\/globalgreeneurope.com\/fr\/wp-json\/wp\/v2\/tribe_events\/5809\/revisions\/5811"}],"wp:attachment":[{"href":"https:\/\/globalgreeneurope.com\/fr\/wp-json\/wp\/v2\/media?parent=5809"}],"wp:term":[{"taxonomy":"post_tag","embeddable":true,"href":"https:\/\/globalgreeneurope.com\/fr\/wp-json\/wp\/v2\/tags?post=5809"},{"taxonomy":"tribe_events_cat","embeddable":true,"href":"https:\/\/globalgreeneurope.com\/fr\/wp-json\/wp\/v2\/tribe_events_cat?post=5809"}],"curies":[{"name":"wp","href":"https:\/\/api.w.org\/{rel}","templated":true}]}}